{"id":1757,"date":"2025-11-01T15:54:49","date_gmt":"2025-11-01T13:54:49","guid":{"rendered":"https:\/\/naislaulajat.net\/?page_id=1757"},"modified":"2025-12-10T00:05:27","modified_gmt":"2025-12-09T22:05:27","slug":"sing-hankkeen-satoa","status":"publish","type":"page","link":"https:\/\/naislaulajat.net\/gb\/sing-hankkeen-satoa\/","title":{"rendered":"Sing-hankkeen satoa"},"content":{"rendered":"<p>This work is licensed under\u00a0<a href=\"http:\/\/creativecommons.org\/licenses\/by-nc-nd\/4.0\/?ref=chooser-v1\" target=\"_blank\" rel=\"noopener\" data-saferedirecturl=\"https:\/\/www.google.com\/url?q=http:\/\/creativecommons.org\/licenses\/by-nc-nd\/4.0\/?ref%3Dchooser-v1&amp;source=gmail&amp;ust=1763378762374000&amp;usg=AOvVaw1F1bhWIDA3h9BG1r3mQAY_\">CC BY-NC-ND 4.0\u00a0<\/a><img loading=\"lazy\" decoding=\"async\" class=\"CToWUd\" src=\"https:\/\/mail.google.com\/mail\/u\/0?ui=2&amp;ik=19e3d87651&amp;attid=0.1&amp;permmsgid=msg-f:1848755980300133312&amp;th=19a819c4da2b23c0&amp;view=fimg&amp;fur=ip&amp;permmsgid=msg-f:1848755980300133312&amp;sz=s0-l75-ft&amp;attbid=ANGjdJ_FBs-1EonGPWT7f5tNE1ZH5hCHTS3XfhLx-4kniNS3lJRI4wO0POnBSMgvf2KQtBHRJx0icJp-XJoqbXHHu91zU8SkGL2E4n8Kx_EZbreBQE6cEKvj95laHjE&amp;disp=emb&amp;realattid=ii_mhymm01j0&amp;zw\" alt=\"image.png\" width=\"144\" height=\"50\" data-image-whitelisted=\"\" data-bit=\"iit\" \/><\/p>\n<p><em><strong>SING-hankkeen tuloksia (klikkaa kuvia)<\/strong><\/em><\/p>\n<!-- PhotoBlocks for WordPress v1.3.1 free --><style> #photoblocks-2 {width: 100%;} #photoblocks-2 .pb-block {border-color: #333333;} #photoblocks-2 .pb-title {color: #ffffff;font-size: 20px;} #photoblocks-2 .pb-description {color: rgba(255, 255, 255, 0.7);font-size: 14px;} #photoblocks-2 .pb-block.pb-type-text .pb-overlay {} #photoblocks-2 .pb-block.pb-type-text .pb-title, #photoblocks-2 .pb-block.pb-type-text .pb-description {} #photoblocks-2 .pb-block.pb-type-text .pb-title {} #photoblocks-2 .pb-block.pb-type-text .pb-description {} #photoblocks-2 .pb-overlay {background: rgba(0, 0, 0, 0.75);} #photoblocks-2.pb-lift.show-empty-overlay .pb-block.pb-type-image:hover, #photoblocks-2.pb-lift .pb-block.pb-type-image.with-text:hover { box-shadow: rgba(0, 0, 0, 0.75) 0 0 20px; } #photoblocks-2 .pb-block { } #photoblocks-2 .pb-block .pb-social button {color: #ffffff;font-size: 14px;} #photoblocks-2 .pb-blocks .pb-type-image {max-width: calc( 100% - 10px )}<\/style><div class=\"photoblocks-gallery pb-blur pb-lift pb-effect-fade\" data-anim=\"fade\" id=\"photoblocks-2\"> <div class=\"pb-blocks\"> <div class=\"pb-block with-text with-social-or-text pb-landscape pb-width pb-type-image \" style=\"\" data-filters=\"\" data-colspan=\"1\" data-rowspan=\"1\" data-col=\"0\" data-row=\"0\" data-valign=\"center\" data-halign=\"center\" data-type=\"image\" data-ratio=\"1.6489361702128\"> <img decoding=\"async\" class=\"pb-image skip-lazy \" src=\"data:image\/png;base64,iVBORw0KGgoAAAANSUhEUgAAAAEAAAABCAYAAAAfFcSJAAAADUlEQVR42mNkYPhfDwAChwGA60e6kgAAAABJRU5ErkJggg==\" data-pb-source=\"https:\/\/naislaulajat.net\/wp-content\/uploads\/2025\/11\/Kaksi-kuoroa-Katja-Kyllonen-1.jpg\" alt=\"Konserttitallenteet Jyv\u00e4skyl\u00e4st\u00e4\"> <noscript><img decoding=\"async\" src=\"https:\/\/naislaulajat.net\/wp-content\/uploads\/2025\/11\/Kaksi-kuoroa-Katja-Kyllonen-1.jpg\" alt=\"Konserttitallenteet Jyv\u00e4skyl\u00e4st\u00e4\"><\/noscript> <a class=\"pb-link \" data-caption=\"Teksti: Tarja Ahopelto Kuva: Katja Kyll\u00f6nen\" rel=\"https:\/\/naislaulajat.net\/konserttitallenteet-jyvaskylasta\/\" target=\"https:\/\/naislaulajat.net\/konserttitallenteet-jyvaskylasta\/\" href=\"https:\/\/naislaulajat.net\/konserttitallenteet-jyvaskylasta\/\"> <div class=\"pb-overlay\" style=\"\"> <div class=\"pb-caption-middle\"> <span class=\"pb-title pb-caption-center\" style=\"\">Konserttitallenteet Jyv\u00e4skyl\u00e4st\u00e4<\/span> <span class=\"pb-description pb-caption-center\" style=\"\">Teksti: Tarja Ahopelto Kuva: Katja Kyll\u00f6nen<\/span> <\/div> <\/div> <\/a> <\/div> <div class=\"pb-block with-text with-social-or-text pb-landscape pb-width pb-type-image \" style=\"\" data-filters=\"\" data-colspan=\"1\" data-rowspan=\"1\" data-col=\"1\" data-row=\"0\" data-valign=\"center\" data-halign=\"center\" data-type=\"image\" data-ratio=\"1.4635879218472\"> <img decoding=\"async\" class=\"pb-image skip-lazy \" src=\"data:image\/png;base64,iVBORw0KGgoAAAANSUhEUgAAAAEAAAABCAYAAAAfFcSJAAAADUlEQVR42mNkYPhfDwAChwGA60e6kgAAAABJRU5ErkJggg==\" data-pb-source=\"https:\/\/naislaulajat.net\/wp-content\/uploads\/2025\/11\/Juha-Tolvanen.-Molemmat-kuorot-yhteisessa-osuudessa-18.10.-1.jpg\" alt=\"Konserttitallenteet Barista\"> <noscript><img decoding=\"async\" src=\"https:\/\/naislaulajat.net\/wp-content\/uploads\/2025\/11\/Juha-Tolvanen.-Molemmat-kuorot-yhteisessa-osuudessa-18.10.-1.jpg\" alt=\"Konserttitallenteet Barista\"><\/noscript> <a class=\"pb-link \" data-caption=\"Teksti: Tarja Ahopelto Kuva: Juha Tolvanen\" rel=\"https:\/\/naislaulajat.net\/konserttitallenteet-barista\/\" target=\"https:\/\/naislaulajat.net\/konserttitallenteet-barista\/\" href=\"https:\/\/naislaulajat.net\/konserttitallenteet-barista\/\"> <div class=\"pb-overlay\" style=\"\"> <div class=\"pb-caption-middle\"> <span class=\"pb-title pb-caption-center\" style=\"\">Konserttitallenteet Barista<\/span> <span class=\"pb-description pb-caption-center\" style=\"\">Teksti: Tarja Ahopelto Kuva: Juha Tolvanen<\/span> <\/div> <\/div> <\/a> <\/div> <\/div><\/div><div id=\"photoblocks-fancybox-2\"><\/div><script>jQuery(function () { var p = new PhotoBlocks({ selector: \"#photoblocks-2\", columns: 4, padding: 10, disable_below: 320, on: { before: function () { }, after: function () { }, refresh: function () { } }, mobile_layout: [], lazy: false, debug: false }); jQuery(\"#photoblocks-2\").magnificPopup({ delegate: \".pb-block:not(.pb-filtered) [data-magnific]\", type: \"image\", gallery: { enabled: true, preload: [0,2] }, image: { titleSrc: 'data-caption' }, mainClass: \"mfp-2\" }); });<\/script>\n<\/p>\n<p><em><strong>N\u00e4in me sen teimme (klikkaa kuvia)<\/strong><\/em><\/p>\n<\/p>\n\n\n<p>Valmistautuminen vuoden 2024 odotettuun huippuhetkeen, Barin konserttiin, alkoi ilolla ja innolla. kahden p\u00e4iv\u00e4n kuorokurssilla tammikuussa. Kaikkiaan pidimme kolme kuorokurssia kev\u00e4\u00e4ll\u00e4 ja yhden syksyll\u00e4 ennen matkaamme. Muuten kuoro harjoitteli kev\u00e4tkauden toukokuun puoliv\u00e4liin asti kerran viikossa kolmen tunnin harjoituksissa. Syyskausi alkoi elokuun puoliv\u00e4liss\u00e4 ja&nbsp; harjoittelurytmi jatkui enallaan kerran viikossa. Ennen matkaa pidettiin l\u00e4ht\u00f6konsertti sekakuoro Cantinovumin kanssa.&nbsp; Konsertissa totuteltiin italialaisten kanssa yhdess\u00e4 laulettavien kolmen suomenkielisten laulujen sointiin , kun tenorit ja bassot liittyiv\u00e4t mukaan. Mutta sit\u00e4 ennen harjoiteltiin!<\/p>\n\n\n\n<p><\/p>\n\n\n\n<!-- PhotoBlocks for WordPress v1.3.1 free --><style> #photoblocks-3 {width: 100%;} #photoblocks-3 .pb-block {border-color: #333333;} #photoblocks-3 .pb-title {color: #ffffff;font-size: 20px;} #photoblocks-3 .pb-description {color: rgba(255, 255, 255, 0.7);font-size: 14px;} #photoblocks-3 .pb-block.pb-type-text .pb-overlay {} #photoblocks-3 .pb-block.pb-type-text .pb-title, #photoblocks-3 .pb-block.pb-type-text .pb-description {} #photoblocks-3 .pb-block.pb-type-text .pb-title {} #photoblocks-3 .pb-block.pb-type-text .pb-description {} #photoblocks-3 .pb-overlay {background: rgba(0, 0, 0, 0.75);} #photoblocks-3.pb-lift.show-empty-overlay .pb-block.pb-type-image:hover, #photoblocks-3.pb-lift .pb-block.pb-type-image.with-text:hover { box-shadow: rgba(0, 0, 0, 0.75) 0 0 20px; } #photoblocks-3 .pb-block { } #photoblocks-3 .pb-block .pb-social button {color: #ffffff;font-size: 14px;} #photoblocks-3 .pb-blocks .pb-type-image {max-width: calc( 100% - 10px )}<\/style><div class=\"photoblocks-gallery pb-blur pb-lift pb-effect-fade\" data-anim=\"fade\" id=\"photoblocks-3\"> <div class=\"pb-blocks\"> <div class=\"pb-block with-text with-social-or-text pb-portrait pb-height pb-type-image \" style=\"\" data-filters=\"\" data-colspan=\"1\" data-rowspan=\"1\" data-col=\"0\" data-row=\"0\" data-valign=\"center\" data-halign=\"center\" data-type=\"image\" data-ratio=\"0.75\"> <img decoding=\"async\" class=\"pb-image skip-lazy \" src=\"data:image\/png;base64,iVBORw0KGgoAAAANSUhEUgAAAAEAAAABCAYAAAAfFcSJAAAADUlEQVR42mNkYPhfDwAChwGA60e6kgAAAABJRU5ErkJggg==\" data-pb-source=\"https:\/\/naislaulajat.net\/wp-content\/uploads\/2025\/12\/Tarja-lukee-laulunsanoja-1_Kulta-ja-Lapponia-scaled.jpg\" alt=\"Ohjeita yhdess\u00e4 laulettavista lauluista\"> <noscript><img decoding=\"async\" src=\"https:\/\/naislaulajat.net\/wp-content\/uploads\/2025\/12\/Tarja-lukee-laulunsanoja-1_Kulta-ja-Lapponia-scaled.jpg\" alt=\"Ohjeita yhdess\u00e4 laulettavista lauluista\"><\/noscript> <a class=\"pb-link \" data-caption=\"\" rel=\"https:\/\/naislaulajat.net\/?p=2030&preview=true\" target=\"https:\/\/naislaulajat.net\/?p=2030&preview=true\" href=\"https:\/\/naislaulajat.net\/?p=2030&preview=true\"> <div class=\"pb-overlay\" style=\"\"> <div class=\"pb-caption-middle\"> <span class=\"pb-title pb-caption-center\" style=\"\">Ohjeita yhdess\u00e4 laulettavista lauluista<\/span> <\/div> <\/div> <\/a> <\/div> <div class=\"pb-block with-text with-social-or-text pb-landscape pb-width pb-type-image \" style=\"\" data-filters=\"\" data-colspan=\"1\" data-rowspan=\"1\" data-col=\"1\" data-row=\"0\" data-valign=\"center\" data-halign=\"center\" data-type=\"image\" data-ratio=\"1.3333333333333\"> <img decoding=\"async\" class=\"pb-image skip-lazy \" src=\"data:image\/png;base64,iVBORw0KGgoAAAANSUhEUgAAAAEAAAABCAYAAAAfFcSJAAAADUlEQVR42mNkYPhfDwAChwGA60e6kgAAAABJRU5ErkJggg==\" data-pb-source=\"https:\/\/naislaulajat.net\/wp-content\/uploads\/2024\/10\/20241007_180037-scaled.jpg\" alt=\"Vokaaleja ja sointuv\u00e4rej\u00e4\"> <noscript><img decoding=\"async\" src=\"https:\/\/naislaulajat.net\/wp-content\/uploads\/2024\/10\/20241007_180037-scaled.jpg\" alt=\"Vokaaleja ja sointuv\u00e4rej\u00e4\"><\/noscript> <a class=\"pb-link \" data-caption=\"\" rel=\"https:\/\/naislaulajat.net\/vokaaleja-ja-sointuvareja\/\" target=\"https:\/\/naislaulajat.net\/vokaaleja-ja-sointuvareja\/\" href=\"https:\/\/naislaulajat.net\/vokaaleja-ja-sointuvareja\/\"> <div class=\"pb-overlay\" style=\"\"> <div class=\"pb-caption-middle\"> <span class=\"pb-title pb-caption-center\" style=\"\">Vokaaleja ja sointuv\u00e4rej\u00e4<\/span> <\/div> <\/div> <\/a> <\/div> <div class=\"pb-block with-text with-social-or-text pb-landscape pb-width pb-type-image \" style=\"\" data-filters=\"\" data-colspan=\"1\" data-rowspan=\"1\" data-col=\"2\" data-row=\"0\" data-valign=\"center\" data-halign=\"center\" data-type=\"image\" data-ratio=\"2.3738872403561\"> <img decoding=\"async\" class=\"pb-image skip-lazy \" src=\"data:image\/png;base64,iVBORw0KGgoAAAANSUhEUgAAAAEAAAABCAYAAAAfFcSJAAAADUlEQVR42mNkYPhfDwAChwGA60e6kgAAAABJRU5ErkJggg==\" data-pb-source=\"https:\/\/naislaulajat.net\/wp-content\/uploads\/2025\/12\/Ylhaalta-alas.jpg\" alt=\"\u00c4\u00e4nenavausta\"> <noscript><img decoding=\"async\" src=\"https:\/\/naislaulajat.net\/wp-content\/uploads\/2025\/12\/Ylhaalta-alas.jpg\" alt=\"\u00c4\u00e4nenavausta\"><\/noscript> <a class=\"pb-link \" data-caption=\"\" rel=\"https:\/\/naislaulajat.net\/lammittelyharjoituksia\/\" target=\"https:\/\/naislaulajat.net\/lammittelyharjoituksia\/\" href=\"https:\/\/naislaulajat.net\/lammittelyharjoituksia\/\"> <div class=\"pb-overlay\" style=\"\"> <div class=\"pb-caption-middle\"> <span class=\"pb-title pb-caption-center\" style=\"\">\u00c4\u00e4nenavausta<\/span> <\/div> <\/div> <\/a> <\/div> <div class=\"pb-block with-text with-social-or-text pb-landscape pb-width pb-type-image \" style=\"\" data-filters=\"\" data-colspan=\"1\" data-rowspan=\"1\" data-col=\"0\" data-row=\"1\" data-valign=\"center\" data-halign=\"center\" data-type=\"image\" data-ratio=\"1.3333333333333\"> <img decoding=\"async\" class=\"pb-image skip-lazy \" src=\"data:image\/png;base64,iVBORw0KGgoAAAANSUhEUgAAAAEAAAABCAYAAAAfFcSJAAAADUlEQVR42mNkYPhfDwAChwGA60e6kgAAAABJRU5ErkJggg==\" data-pb-source=\"https:\/\/naislaulajat.net\/wp-content\/uploads\/2025\/12\/Aanet-sekoitetaan-piirissa-laulettaessa-scaled.jpg\" alt=\"Stemmaharjoittelua\"> <noscript><img decoding=\"async\" src=\"https:\/\/naislaulajat.net\/wp-content\/uploads\/2025\/12\/Aanet-sekoitetaan-piirissa-laulettaessa-scaled.jpg\" alt=\"Stemmaharjoittelua\"><\/noscript> <a class=\"pb-link \" data-caption=\"\" rel=\"https:\/\/naislaulajat.net\/stemmaharjoittelu\/\" target=\"https:\/\/naislaulajat.net\/stemmaharjoittelu\/\" href=\"https:\/\/naislaulajat.net\/stemmaharjoittelu\/\"> <div class=\"pb-overlay\" style=\"\"> <div class=\"pb-caption-middle\"> <span class=\"pb-title pb-caption-center\" style=\"\">Stemmaharjoittelua<\/span> <\/div> <\/div> <\/a> <\/div> <div class=\"pb-block with-text with-social-or-text pb-portrait pb-height pb-type-image \" style=\"\" data-filters=\"\" data-colspan=\"1\" data-rowspan=\"1\" data-col=\"1\" data-row=\"1\" data-valign=\"center\" data-halign=\"center\" data-type=\"image\" data-ratio=\"0.83650793650794\"> <img decoding=\"async\" class=\"pb-image skip-lazy \" src=\"data:image\/png;base64,iVBORw0KGgoAAAANSUhEUgAAAAEAAAABCAYAAAAfFcSJAAAADUlEQVR42mNkYPhfDwAChwGA60e6kgAAAABJRU5ErkJggg==\" data-pb-source=\"https:\/\/naislaulajat.net\/wp-content\/uploads\/2025\/12\/Rita-johtaa.png\" alt=\"Opiksi italialaisille Rita johtaa Soila Sariolan kappaleen Kulta ja opettaa k\u00e4ytt\u00e4m\u00e4ns\u00e4 k\u00e4simerkit lauluun.\"> <noscript><img decoding=\"async\" src=\"https:\/\/naislaulajat.net\/wp-content\/uploads\/2025\/12\/Rita-johtaa.png\" alt=\"Opiksi italialaisille Rita johtaa Soila Sariolan kappaleen Kulta ja opettaa k\u00e4ytt\u00e4m\u00e4ns\u00e4 k\u00e4simerkit lauluun.\"><\/noscript> <a class=\"pb-link \" data-caption=\"\" rel=\"https:\/\/naislaulajat.net\/opiksi-italialaisille-rita-johtaa-sariolan-kulta-savellyksen\/\" target=\"https:\/\/naislaulajat.net\/opiksi-italialaisille-rita-johtaa-sariolan-kulta-savellyksen\/\" href=\"https:\/\/naislaulajat.net\/opiksi-italialaisille-rita-johtaa-sariolan-kulta-savellyksen\/\"> <div class=\"pb-overlay\" style=\"\"> <div class=\"pb-caption-middle\"> <span class=\"pb-title pb-caption-center\" style=\"\">Opiksi italialaisille Rita johtaa Soila Sariolan kappaleen Kulta ja opettaa k\u00e4ytt\u00e4m\u00e4ns\u00e4 k\u00e4simerkit lauluun.<\/span> <\/div> <\/div> <\/a> <\/div> <\/div><\/div><div id=\"photoblocks-fancybox-3\"><\/div><script>jQuery(function () { var p = new PhotoBlocks({ selector: \"#photoblocks-3\", columns: 3, padding: 10, disable_below: 320, on: { before: function () { }, after: function () { }, refresh: function () { } }, mobile_layout: [], lazy: false, debug: false }); jQuery(\"#photoblocks-3\").magnificPopup({ delegate: \".pb-block:not(.pb-filtered) [data-magnific]\", type: \"image\", gallery: { enabled: true, preload: [0,2] }, image: { titleSrc: 'data-caption' }, mainClass: \"mfp-3\" }); });<\/script>\n\n\n\n<p><br>Kuvat: kuoron Erasmus-kuva-arkisto ja Markku Jaatinen<br>Tekstit: tallennusryhm\u00e4 (Johanna K., Kirsi,\u00a0 Marjukka, Piia, Tuula ja Virpi)<\/p>\n\n\n\n<p><strong>&#8230;Ja n\u00e4in sen tekiv\u00e4t italialaiset<\/strong><\/p>\n\n\n\n<!-- PhotoBlocks for WordPress v1.3.1 free --><style> #photoblocks-6 {width: 100%;} #photoblocks-6 .pb-block {border-color: #333333;} #photoblocks-6 .pb-title {color: #ffffff;font-size: 20px;} #photoblocks-6 .pb-description {color: rgba(255, 255, 255, 0.7);font-size: 14px;} #photoblocks-6 .pb-block.pb-type-text .pb-overlay {} #photoblocks-6 .pb-block.pb-type-text .pb-title, #photoblocks-6 .pb-block.pb-type-text .pb-description {} #photoblocks-6 .pb-block.pb-type-text .pb-title {} #photoblocks-6 .pb-block.pb-type-text .pb-description {} #photoblocks-6 .pb-overlay {background: rgba(0, 0, 0, 0.75);} #photoblocks-6.pb-lift.show-empty-overlay .pb-block.pb-type-image:hover, #photoblocks-6.pb-lift .pb-block.pb-type-image.with-text:hover { box-shadow: rgba(0, 0, 0, 0.75) 0 0 20px; } #photoblocks-6 .pb-block { } #photoblocks-6 .pb-block .pb-social button {color: #ffffff;font-size: 14px;} #photoblocks-6 .pb-blocks .pb-type-image {max-width: calc( 100% - 10px )}<\/style><div class=\"photoblocks-gallery pb-blur pb-lift pb-effect-fade\" data-anim=\"fade\" id=\"photoblocks-6\"> <div class=\"pb-blocks\"> <div class=\"pb-block with-text with-social-or-text pb-landscape pb-width pb-type-image \" style=\"\" data-filters=\"\" data-colspan=\"1\" data-rowspan=\"1\" data-col=\"0\" data-row=\"0\" data-valign=\"center\" data-halign=\"center\" data-type=\"image\" data-ratio=\"1.6684045881126\"> <img decoding=\"async\" class=\"pb-image skip-lazy \" src=\"data:image\/png;base64,iVBORw0KGgoAAAANSUhEUgAAAAEAAAABCAYAAAAfFcSJAAAADUlEQVR42mNkYPhfDwAChwGA60e6kgAAAABJRU5ErkJggg==\" data-pb-source=\"https:\/\/naislaulajat.net\/wp-content\/uploads\/2025\/09\/kuoronjohtaja.jpg\" alt=\"Alessandron ohjeet italialisten laulujen harjoitteluun.\"> <noscript><img decoding=\"async\" src=\"https:\/\/naislaulajat.net\/wp-content\/uploads\/2025\/09\/kuoronjohtaja.jpg\" alt=\"Alessandron ohjeet italialisten laulujen harjoitteluun.\"><\/noscript> <a class=\"pb-link \" data-caption=\"Sis\u00e4lt\u00e4\u00e4 tekstianalyysin, laulujen lyriikan italiaksi kirjoitettuna ja luettuna sek\u00e4 k\u00e4\u00e4n\u00f6ksen eglanniksi.\" rel=\"https:\/\/naislaulajat.net\/ohjeet-italialaisten-laulujen-harjoitteluun\/\" target=\"https:\/\/naislaulajat.net\/ohjeet-italialaisten-laulujen-harjoitteluun\/\" href=\"https:\/\/naislaulajat.net\/ohjeet-italialaisten-laulujen-harjoitteluun\/\"> <div class=\"pb-overlay\" style=\"\"> <div class=\"pb-caption-middle\"> <span class=\"pb-title pb-caption-center\" style=\"\">Alessandron ohjeet italialisten laulujen harjoitteluun.<\/span> <span class=\"pb-description pb-caption-center\" style=\"\">Sis\u00e4lt\u00e4\u00e4 tekstianalyysin, laulujen lyriikan italiaksi kirjoitettuna ja luettuna sek\u00e4 k\u00e4\u00e4n\u00f6ksen eglanniksi.<\/span> <\/div> <\/div> <\/a> <\/div> <div class=\"pb-block with-text with-social-or-text pb-landscape pb-width pb-type-image \" style=\"\" data-filters=\"\" data-colspan=\"1\" data-rowspan=\"1\" data-col=\"1\" data-row=\"0\" data-valign=\"center\" data-halign=\"center\" data-type=\"image\" data-ratio=\"1.6666666666667\"> <img decoding=\"async\" class=\"pb-image skip-lazy \" src=\"data:image\/png;base64,iVBORw0KGgoAAAANSUhEUgAAAAEAAAABCAYAAAAfFcSJAAAADUlEQVR42mNkYPhfDwAChwGA60e6kgAAAABJRU5ErkJggg==\" data-pb-source=\"https:\/\/naislaulajat.net\/wp-content\/uploads\/2025\/10\/Musiikki-yhdistaa-Markku-Jaatinen-scaled.jpg\" alt=\"L\u00e4mmittely\u00e4, \u00e4\u00e4nenmuodostusta, italiankielt\u00e4\"> <noscript><img decoding=\"async\" src=\"https:\/\/naislaulajat.net\/wp-content\/uploads\/2025\/10\/Musiikki-yhdistaa-Markku-Jaatinen-scaled.jpg\" alt=\"L\u00e4mmittely\u00e4, \u00e4\u00e4nenmuodostusta, italiankielt\u00e4\"><\/noscript> <a class=\"pb-link \" data-caption=\"Klippej\u00e4 harjoitustilanteista\" rel=\"https:\/\/naislaulajat.net\/kehon-herattelya-ja-aanen-avausta\/\" target=\"https:\/\/naislaulajat.net\/kehon-herattelya-ja-aanen-avausta\/\" href=\"https:\/\/naislaulajat.net\/kehon-herattelya-ja-aanen-avausta\/\"> <div class=\"pb-overlay\" style=\"\"> <div class=\"pb-caption-middle\"> <span class=\"pb-title pb-caption-center\" style=\"\">L\u00e4mmittely\u00e4, \u00e4\u00e4nenmuodostusta, italiankielt\u00e4<\/span> <span class=\"pb-description pb-caption-center\" style=\"\">Klippej\u00e4 harjoitustilanteista<\/span> <\/div> <\/div> <\/a> <\/div> <div class=\"pb-block with-text with-social-or-text pb-landscape pb-width pb-type-image \" style=\"\" data-filters=\"\" data-colspan=\"1\" data-rowspan=\"1\" data-col=\"2\" data-row=\"0\" data-valign=\"center\" data-halign=\"center\" data-type=\"image\" data-ratio=\"1.6666666666667\"> <img decoding=\"async\" class=\"pb-image skip-lazy \" src=\"data:image\/png;base64,iVBORw0KGgoAAAANSUhEUgAAAAEAAAABCAYAAAAfFcSJAAAADUlEQVR42mNkYPhfDwAChwGA60e6kgAAAABJRU5ErkJggg==\" data-pb-source=\"https:\/\/naislaulajat.net\/wp-content\/uploads\/2025\/12\/P8261641-scaled.jpg\" alt=\"Tekstist\u00e4 musiikiksi\"> <noscript><img decoding=\"async\" src=\"https:\/\/naislaulajat.net\/wp-content\/uploads\/2025\/12\/P8261641-scaled.jpg\" alt=\"Tekstist\u00e4 musiikiksi\"><\/noscript> <a class=\"pb-link \" data-caption=\"Laulujen harjoittelua \u00e4\u00e4nteist\u00e4 musiikiksi\" rel=\"https:\/\/naislaulajat.net\/tekstista-musiikiksi\/\" target=\"https:\/\/naislaulajat.net\/tekstista-musiikiksi\/\" href=\"https:\/\/naislaulajat.net\/tekstista-musiikiksi\/\"> <div class=\"pb-overlay\" style=\"\"> <div class=\"pb-caption-middle\"> <span class=\"pb-title pb-caption-center\" style=\"\">Tekstist\u00e4 musiikiksi<\/span> <span class=\"pb-description pb-caption-center\" style=\"\">Laulujen harjoittelua \u00e4\u00e4nteist\u00e4 musiikiksi<\/span> <\/div> <\/div> <\/a> <\/div> <\/div><\/div><div id=\"photoblocks-fancybox-6\"><\/div><script>jQuery(function () { var p = new PhotoBlocks({ selector: \"#photoblocks-6\", columns: 3, padding: 10, disable_below: 320, on: { before: function () { }, after: function () { }, refresh: function () { } }, mobile_layout: [], lazy: false, debug: false }); jQuery(\"#photoblocks-6\").magnificPopup({ delegate: \".pb-block:not(.pb-filtered) [data-magnific]\", type: \"image\", gallery: { enabled: true, preload: [0,2] }, image: { titleSrc: 'data-caption' }, mainClass: \"mfp-6\" }); });<\/script>\n\n\n\n<p><\/p>\n\n\n\n<p>Kuvat: kuoron Erasmus-kuva-arkisto ja Markku Jaatinen<br>Tekstit: tallennusryhm\u00e4 (Johanna K., Kirsi,&nbsp; Marjukka, Piia, Tuula ja Virpi)<\/p>\n\n\n\n<p><\/p>\n","protected":false},"excerpt":{"rendered":"<p>This work is licensed under\u00a0CC BY-NC-ND 4.0\u00a0 SING-hankkeen tuloksia (klikkaa kuvia) N\u00e4in me sen teimme (klikkaa kuvia) Valmistautuminen vuoden 2024 [&hellip;]<\/p>\n","protected":false},"author":1,"featured_media":0,"parent":0,"menu_order":0,"comment_status":"closed","ping_status":"closed","template":"templates\/no-sidebar.php","meta":{"_monsterinsights_skip_tracking":false,"_monsterinsights_sitenote_active":false,"_monsterinsights_sitenote_note":"","_monsterinsights_sitenote_category":0,"footnotes":""},"class_list":["post-1757","page","type-page","status-publish","hentry"],"translation":{"provider":"WPGlobus","version":"3.0.2","language":"gb","enabled_languages":["fi","gb"],"languages":{"fi":{"title":true,"content":true,"excerpt":false},"gb":{"title":false,"content":false,"excerpt":false}}},"aioseo_notices":[],"jetpack_sharing_enabled":true,"amp_enabled":true,"_links":{"self":[{"href":"https:\/\/naislaulajat.net\/gb\/wp-json\/wp\/v2\/pages\/1757","targetHints":{"allow":["GET"]}}],"collection":[{"href":"https:\/\/naislaulajat.net\/gb\/wp-json\/wp\/v2\/pages"}],"about":[{"href":"https:\/\/naislaulajat.net\/gb\/wp-json\/wp\/v2\/types\/page"}],"author":[{"embeddable":true,"href":"https:\/\/naislaulajat.net\/gb\/wp-json\/wp\/v2\/users\/1"}],"replies":[{"embeddable":true,"href":"https:\/\/naislaulajat.net\/gb\/wp-json\/wp\/v2\/comments?post=1757"}],"version-history":[{"count":25,"href":"https:\/\/naislaulajat.net\/gb\/wp-json\/wp\/v2\/pages\/1757\/revisions"}],"predecessor-version":[{"id":2029,"href":"https:\/\/naislaulajat.net\/gb\/wp-json\/wp\/v2\/pages\/1757\/revisions\/2029"}],"wp:attachment":[{"href":"https:\/\/naislaulajat.net\/gb\/wp-json\/wp\/v2\/media?parent=1757"}],"curies":[{"name":"wp","href":"https:\/\/api.w.org\/{rel}","templated":true}]}}