{"id":1353,"date":"2025-03-09T18:19:12","date_gmt":"2025-03-09T16:19:12","guid":{"rendered":"https:\/\/naislaulajat.net\/?page_id=1353"},"modified":"2026-04-12T15:30:00","modified_gmt":"2026-04-12T12:30:00","slug":"jyvaskylan-naislaulajat","status":"publish","type":"page","link":"https:\/\/naislaulajat.net\/gb\/","title":{"rendered":"Jyv\u00e4skyl\u00e4n naislaulajat (JNL)"},"content":{"rendered":"\n<div class=\"wp-block-columns is-layout-flex wp-container-core-columns-is-layout-9d6595d7 wp-block-columns-is-layout-flex\">\n<div class=\"wp-block-column is-layout-flow wp-block-column-is-layout-flow\" style=\"flex-basis:100%\">\n<h1 class=\"wp-block-heading\">Jyv\u00e4skyl\u00e4n naislaulajat (JNL)<\/h1>\n\n\n\n<p>Conducted by Dipl. Choral Conductor Rita Varonen<\/p>\n\n\n\n<p>Jyv\u00e4skyl\u00e4n Naislaulajat offers high-quality women\u2019s choir music for audiences and a communal, goal-oriented experience for singers. Come and listen \u2013 or join us!  What people say about us:<br>\u201cJyv\u00e4skyl\u00e4n Naislaulajat is a high-level choir, and you sing with great intonation.\u201d<br>\u201cYour sound is fresh and clear.\u201d<br>\u201cThe choir has a great sound.\u201d<\/p>\n\n\n\n<p><\/p>\n<\/div>\n<\/div>\n\n\n\n<div class=\"wp-block-columns is-layout-flex wp-container-core-columns-is-layout-9d6595d7 wp-block-columns-is-layout-flex\">\n<div class=\"wp-block-column is-layout-flow wp-block-column-is-layout-flow\" style=\"flex-basis:100%\">\n<div class=\"wp-block-columns is-layout-flex wp-container-core-columns-is-layout-9d6595d7 wp-block-columns-is-layout-flex\">\n<div class=\"wp-block-column is-layout-flow wp-block-column-is-layout-flow\">\n<h4 class=\"wp-block-heading\">Current Highlights<\/h4>\n\n\n\n<p><\/p>\n\n\n\n<p>The Choir of the Year concert is approaching. The selection of the Choir of the Year by the Finnish Women\u2019s Choir Association is always followed by a <strong>Choir of the Year concert<\/strong> held the following spring. JNL will hold theirs on May 16th at the Vaasa Choir Festival.<\/p>\n\n\n\n<figure class=\"wp-block-image size-large\"><img decoding=\"async\" src=\"https:\/\/scontent-hel3-1.xx.fbcdn.net\/v\/t39.30808-6\/667736821_1308967058029343_4250926470840502875_n.jpg?_nc_cat=105&amp;ccb=1-7&amp;_nc_sid=13d280&amp;_nc_ohc=AT3Ye_ZylAgQ7kNvwFJekCs&amp;_nc_oc=AdqKYmb505TBnxTINTVUafMWOrwjWRoNYQgl6uvH5aNz2jMUx-2OvqWDnHO03sS9YaM&amp;_nc_zt=23&amp;_nc_ht=scontent-hel3-1.xx&amp;_nc_gid=YHd4XmDOGq-6vkRsUCb8mQ&amp;_nc_ss=7a3a8&amp;oh=00_Af0N9Bw0fpFxfqPMhQqrL4ezLiH2AcP9uIh7RAYbAUy73Q&amp;oe=69E150D4\" alt=\"\"\/><\/figure>\n\n\n\n<p>Read more at<br><a href=\"undefined\" title=\"https:\/\/www.facebook.com\/events\/1657812728577676?locale=fi_FI\">https:\/\/www.facebook.com\/events\/1657812728577676?locale=fi_FI<\/a><\/p>\n\n\n\n<p>the Vaasa Choir Festival<br><a href=\"https:\/\/www.vaasa.fi\/en\/see-and-experience\/culture-in-vaasa-and-vaasa-region\/vaasa-choir-festival\/\" title=\"\">https:\/\/www.vaasa.fi\/en\/see-and-experience\/culture-in-vaasa-and-vaasa-region\/vaasa-choir-festival\/<\/a><br><\/p>\n\n\n\n<figure class=\"wp-block-image size-large\"><img loading=\"lazy\" decoding=\"async\" width=\"1024\" height=\"768\" src=\"https:\/\/naislaulajat.net\/wp-content\/uploads\/2025\/04\/Vuodenkuorojuhlassa-1024x768.jpeg\" alt=\"\" class=\"wp-image-1582\" srcset=\"https:\/\/naislaulajat.net\/wp-content\/uploads\/2025\/04\/Vuodenkuorojuhlassa-1024x768.jpeg 1024w, https:\/\/naislaulajat.net\/wp-content\/uploads\/2025\/04\/Vuodenkuorojuhlassa-300x225.jpeg 300w, https:\/\/naislaulajat.net\/wp-content\/uploads\/2025\/04\/Vuodenkuorojuhlassa-768x576.jpeg 768w, https:\/\/naislaulajat.net\/wp-content\/uploads\/2025\/04\/Vuodenkuorojuhlassa-1536x1152.jpeg 1536w, https:\/\/naislaulajat.net\/wp-content\/uploads\/2025\/04\/Vuodenkuorojuhlassa-2048x1536.jpeg 2048w\" sizes=\"auto, (max-width: 1024px) 100vw, 1024px\" \/><\/figure>\n\n\n\n<p><strong>We Are the Choir of the Year 2024!<\/strong><\/p>\n\n\n\n<p>The Finnish Women\u2019s Choir Association has selected <em>Jyv\u00e4skyl\u00e4n naislaulajat<\/em> as the Choir of the Year 2024. The announcement was made in Helsinki on April 24, 2025. The decision highlighted our choir\u2019s Erasmus+ project and its broader significance for the choral community, as well as how our work reflects values important to the Association\u2014such as collaborating with other choirs.<br>Read more at <a class=\"\" href=\"https:\/\/www.naiskuoroliitto.fi\/vuoden-kuoro\/\">https:\/\/www.naiskuoroliitto.fi\/vuoden-kuoro\/<\/a> and <a class=\"\" href=\"https:\/\/www.facebook.com\/jyvaskylannaislaulajat\/\">https:\/\/www.facebook.com\/jyvaskylannaislaulajat\/<\/a>.<br>We will hold our Choir of the Year themed concert in spring 2026.<\/p>\n\n\n\n<figure class=\"wp-block-image size-full\"><img loading=\"lazy\" decoding=\"async\" width=\"500\" height=\"500\" src=\"https:\/\/naislaulajat.net\/wp-content\/uploads\/2025\/04\/VK_oranssi.jpg\" alt=\"\" class=\"wp-image-1576\" srcset=\"https:\/\/naislaulajat.net\/wp-content\/uploads\/2025\/04\/VK_oranssi.jpg 500w, https:\/\/naislaulajat.net\/wp-content\/uploads\/2025\/04\/VK_oranssi-300x300.jpg 300w, https:\/\/naislaulajat.net\/wp-content\/uploads\/2025\/04\/VK_oranssi-150x150.jpg 150w\" sizes=\"auto, (max-width: 500px) 100vw, 500px\" \/><\/figure>\n\n\n\n<p>Our latest music video <em>Kaihon k\u00e4ki<\/em> was recorded in Bari, Italy, together with our local Erasmus+ partner choir, L.A. Chorus. <a href=\"https:\/\/www.youtube.com\/watch?v=nJSGL77JtzY\" target=\"_blank\" rel=\"noopener\" title=\"Kaihon k\u00e4ki\">Watch and listen to the music video!<\/a><\/p>\n\n\n\n<p>NL was nominated in the Sulasol 2024 Music Video of the Year competition with the piece <em>Jag talar till mina vuxna barns \u00e4nglar<\/em>. <a href=\"https:\/\/youtu.be\/mTJlLEMgmYc\" title=\"Watch and listen to the music video!\">Watch and listen to the music video!<\/a><\/p>\n\n\n\n<p><\/p>\n<\/div>\n\n\n\n<div class=\"wp-block-column is-layout-flow wp-block-column-is-layout-flow\">\n<h4 class=\"wp-block-heading\">Concerts<\/h4>\n\n\n\n<p><\/p>\n\n\n\n<p><strong>Kaikkea uutta! <br>Spring Concert<\/strong> on May 4 2026 at Palokan yhten\u00e4iskoulu Koivutie 5<\/p>\n\n\n\n<figure class=\"wp-block-image size-full\"><img loading=\"lazy\" decoding=\"async\" width=\"723\" height=\"1024\" src=\"https:\/\/naislaulajat.net\/wp-content\/uploads\/2026\/04\/Kauiikea-uutta-1.jpg\" alt=\"\" class=\"wp-image-2103\" srcset=\"https:\/\/naislaulajat.net\/wp-content\/uploads\/2026\/04\/Kauiikea-uutta-1.jpg 723w, https:\/\/naislaulajat.net\/wp-content\/uploads\/2026\/04\/Kauiikea-uutta-1-212x300.jpg 212w\" sizes=\"auto, (max-width: 723px) 100vw, 723px\" \/><\/figure>\n\n\n\n<p><strong>Joint concert with P\u00e4ij\u00e4nne-kuoro<\/strong> on March 28 2026 at 4:00 PM at Hannikaissali.<\/p>\n\n\n\n<figure class=\"wp-block-gallery has-nested-images columns-default is-cropped wp-block-gallery-1 is-layout-flex wp-block-gallery-is-layout-flex\">\n<figure class=\"wp-block-image size-large\"><img loading=\"lazy\" decoding=\"async\" width=\"724\" height=\"1024\" data-id=\"2088\" src=\"https:\/\/naislaulajat.net\/wp-content\/uploads\/2026\/02\/Rannoilta28032026-1.jpg\" alt=\"\" class=\"wp-image-2088\" srcset=\"https:\/\/naislaulajat.net\/wp-content\/uploads\/2026\/02\/Rannoilta28032026-1.jpg 724w, https:\/\/naislaulajat.net\/wp-content\/uploads\/2026\/02\/Rannoilta28032026-1-212x300.jpg 212w\" sizes=\"auto, (max-width: 724px) 100vw, 724px\" \/><\/figure>\n<\/figure>\n\n\n\n<p><\/p>\n\n\n\n<figure class=\"wp-block-image size-large\"><img loading=\"lazy\" decoding=\"async\" width=\"1024\" height=\"576\" src=\"https:\/\/naislaulajat.net\/wp-content\/uploads\/2025\/09\/kirkkoyleisoa-1-1024x576.jpeg\" alt=\"\" class=\"wp-image-1684\" srcset=\"https:\/\/naislaulajat.net\/wp-content\/uploads\/2025\/09\/kirkkoyleisoa-1-1024x576.jpeg 1024w, https:\/\/naislaulajat.net\/wp-content\/uploads\/2025\/09\/kirkkoyleisoa-1-300x169.jpeg 300w, https:\/\/naislaulajat.net\/wp-content\/uploads\/2025\/09\/kirkkoyleisoa-1-768x432.jpeg 768w, https:\/\/naislaulajat.net\/wp-content\/uploads\/2025\/09\/kirkkoyleisoa-1-1536x864.jpeg 1536w, https:\/\/naislaulajat.net\/wp-content\/uploads\/2025\/09\/kirkkoyleisoa-1.jpeg 1600w\" sizes=\"auto, (max-width: 1024px) 100vw, 1024px\" \/><\/figure>\n\n\n\n<p><strong>Many thanks to the wonderful crowd for an absolutely amazing concert evening on August 28!<\/strong><\/p>\n\n\n\n<figure class=\"wp-block-image size-large\"><img loading=\"lazy\" decoding=\"async\" width=\"682\" height=\"1024\" src=\"https:\/\/naislaulajat.net\/wp-content\/uploads\/2025\/09\/yhteiskuva-1-682x1024.jpeg\" alt=\"\" class=\"wp-image-1685\" srcset=\"https:\/\/naislaulajat.net\/wp-content\/uploads\/2025\/09\/yhteiskuva-1-682x1024.jpeg 682w, https:\/\/naislaulajat.net\/wp-content\/uploads\/2025\/09\/yhteiskuva-1-200x300.jpeg 200w, https:\/\/naislaulajat.net\/wp-content\/uploads\/2025\/09\/yhteiskuva-1-768x1153.jpeg 768w, https:\/\/naislaulajat.net\/wp-content\/uploads\/2025\/09\/yhteiskuva-1-1023x1536.jpeg 1023w, https:\/\/naislaulajat.net\/wp-content\/uploads\/2025\/09\/yhteiskuva-1.jpeg 1364w\" sizes=\"auto, (max-width: 682px) 100vw, 682px\" \/><\/figure>\n\n\n\n<p>Joint concert with the Italian guest choir, L.A Chorus, at Taulum\u00e4ki Church on August 28, 2025, at 7:00 PM. Free admission.<\/p>\n\n\n\n<p><a href=\"https:\/\/naislaulajat.net\/esittelyssa-l-a-chorus-italiasta\/\" title=\"\">Read the choir introduction on our blog<\/a>.<\/p>\n\n\n\n<figure class=\"wp-block-image size-full\"><img loading=\"lazy\" decoding=\"async\" width=\"1850\" height=\"2560\" src=\"https:\/\/naislaulajat.net\/wp-content\/uploads\/2025\/06\/Sing_konserttijuliste-scaled.jpg\" alt=\"\" class=\"wp-image-1646\" srcset=\"https:\/\/naislaulajat.net\/wp-content\/uploads\/2025\/06\/Sing_konserttijuliste-scaled.jpg 1850w, https:\/\/naislaulajat.net\/wp-content\/uploads\/2025\/06\/Sing_konserttijuliste-217x300.jpg 217w, https:\/\/naislaulajat.net\/wp-content\/uploads\/2025\/06\/Sing_konserttijuliste-740x1024.jpg 740w, https:\/\/naislaulajat.net\/wp-content\/uploads\/2025\/06\/Sing_konserttijuliste-768x1063.jpg 768w, https:\/\/naislaulajat.net\/wp-content\/uploads\/2025\/06\/Sing_konserttijuliste-1110x1536.jpg 1110w, https:\/\/naislaulajat.net\/wp-content\/uploads\/2025\/06\/Sing_konserttijuliste-1480x2048.jpg 1480w\" sizes=\"auto, (max-width: 1850px) 100vw, 1850px\" \/><\/figure>\n\n\n\n<p><\/p>\n\n\n\n<p>Spring Concert<br>May 22, 2025 at 7:00 PM<br>Kulttuurisuoja, Kilpisenkatu 8, Jyv\u00e4skyl\u00e4<\/p>\n\n\n\n<figure class=\"wp-block-image size-large\"><img loading=\"lazy\" decoding=\"async\" width=\"1024\" height=\"1024\" src=\"https:\/\/naislaulajat.net\/wp-content\/uploads\/2025\/04\/FB-Sua-aattelen-01-1-1024x1024.png\" alt=\"\" class=\"wp-image-1545\" srcset=\"https:\/\/naislaulajat.net\/wp-content\/uploads\/2025\/04\/FB-Sua-aattelen-01-1-1024x1024.png 1024w, https:\/\/naislaulajat.net\/wp-content\/uploads\/2025\/04\/FB-Sua-aattelen-01-1-300x300.png 300w, https:\/\/naislaulajat.net\/wp-content\/uploads\/2025\/04\/FB-Sua-aattelen-01-1-150x150.png 150w, https:\/\/naislaulajat.net\/wp-content\/uploads\/2025\/04\/FB-Sua-aattelen-01-1-768x768.png 768w, https:\/\/naislaulajat.net\/wp-content\/uploads\/2025\/04\/FB-Sua-aattelen-01-1-1536x1536.png 1536w, https:\/\/naislaulajat.net\/wp-content\/uploads\/2025\/04\/FB-Sua-aattelen-01-1-2048x2048.png 2048w\" sizes=\"auto, (max-width: 1024px) 100vw, 1024px\" \/><\/figure>\n\n\n\n<p><\/p>\n\n\n\n<h4 class=\"wp-block-heading\">Erasmus+ Project<\/h4>\n\n\n\n<p><\/p>\n\n\n\n<p>Jyv\u00e4skyl\u00e4n Naislaulajat is currently running an Erasmus+ project, SING, co-funded by the European Union, during 2024\u20132025. As part of this project, we visited Bari, Italy, in October 2024, and in August 2025, we welcomed our partner choir, L.A. Chorus, for a visit. Follow the progress of our project on the tab available in the top menu.<\/p>\n\n\n\n<p><\/p>\n\n\n\n<p><\/p>\n<\/div>\n\n\n\n<div class=\"wp-block-column is-layout-flow wp-block-column-is-layout-flow\">\n<div class=\"wp-block-columns is-layout-flex wp-container-core-columns-is-layout-9d6595d7 wp-block-columns-is-layout-flex\">\n<div class=\"wp-block-column is-vertically-aligned-top is-layout-flow wp-block-column-is-layout-flow\" style=\"flex-basis:100%\">\n<h4 class=\"wp-block-heading\">Follow us<\/h4>\n\n\n\n<figure class=\"wp-block-embed is-type-video is-provider-youtube wp-block-embed-youtube wp-embed-aspect-16-9 wp-has-aspect-ratio\"><div class=\"wp-block-embed__wrapper\">\n<iframe loading=\"lazy\" title=\"SING - Jyv\u00e4skyl\u00e4n naislaulajat , 28th August 2025, Taulum\u00e4ki church\" width=\"760\" height=\"428\" src=\"https:\/\/www.youtube.com\/embed\/0lAdMxZ7FXM?feature=oembed\" frameborder=\"0\" allow=\"accelerometer; autoplay; clipboard-write; encrypted-media; gyroscope; picture-in-picture; web-share\" referrerpolicy=\"strict-origin-when-cross-origin\" allowfullscreen><\/iframe>\n<\/div><\/figure>\n\n\n\n<p>SING &#8211; Jyv\u00e4skyl\u00e4n naislaulajat, 28th August 2025, Taulum\u00e4ki church<\/p>\n\n\n\n<figure class=\"wp-block-embed is-type-video is-provider-youtube wp-block-embed-youtube wp-embed-aspect-16-9 wp-has-aspect-ratio\"><div class=\"wp-block-embed__wrapper\">\n<iframe loading=\"lazy\" title=\"Jag talar till mina vuxna barns \u00e4nglar\" width=\"760\" height=\"428\" src=\"https:\/\/www.youtube.com\/embed\/mTJlLEMgmYc?feature=oembed\" frameborder=\"0\" allow=\"accelerometer; autoplay; clipboard-write; encrypted-media; gyroscope; picture-in-picture; web-share\" referrerpolicy=\"strict-origin-when-cross-origin\" allowfullscreen><\/iframe>\n<\/div><\/figure>\n\n\n\n<p>Jag talar till mina vuxna barns \u00e4nglar<\/p>\n\n\n\n<figure class=\"wp-block-embed is-type-video is-provider-youtube wp-block-embed-youtube wp-embed-aspect-16-9 wp-has-aspect-ratio\"><div class=\"wp-block-embed__wrapper\">\n<iframe loading=\"lazy\" title=\"Jyv\u00e4skyl\u00e4n naislaulajat ja L.A. Chorus - Kaihon k\u00e4ki\" width=\"760\" height=\"428\" src=\"https:\/\/www.youtube.com\/embed\/nJSGL77JtzY?feature=oembed\" frameborder=\"0\" allow=\"accelerometer; autoplay; clipboard-write; encrypted-media; gyroscope; picture-in-picture; web-share\" referrerpolicy=\"strict-origin-when-cross-origin\" allowfullscreen><\/iframe>\n<\/div><\/figure>\n\n\n\n<p>Kaihon k\u00e4ki<\/p>\n\n\n\n    <div class=\"fb-shortcode-container\" style=\"width: 100%; position: relative; min-height: 500px;\">\n\n        <div class=\"fb_loader\" style=\"text-align: center !important;\">\n            <img decoding=\"async\" src=\"https:\/\/naislaulajat.net\/wp-content\/plugins\/facebook-pagelike-widget\/assets\/images\/loader.gif\" alt=\"Loading...\" \/>\n        <\/div>\n\n        <div id=\"fb-root\"><\/div>\n\n        <div class=\"fb-page\"\n            data-href=\"https:\/\/www.facebook.com\/jyvaskylannaislaulajat\/\"\n            data-tabs=\"timeline\"\n            data-width=\"340\"\n            data-height=\"500\"\n            data-small-header=\"false\"\n            data-adapt-container-width=\"true\"\n            data-hide-cover=\"false\"\n            data-show-facepile=\"true\"\n            data-lazy=\"false\"\n            data-xfbml-parse-ignore=\"false\">\n        <\/div>\n    <\/div>\n\n    \n\n\n\t\t<div id=\"instagram-gallery-feed-qligg-0\" class=\"instagram-gallery-feed\" data-feed=\"{&quot;id&quot;:&quot;qligg-0&quot;,&quot;account_id&quot;:&quot;9957543880932086&quot;,&quot;source&quot;:&quot;username&quot;,&quot;tag&quot;:&quot;wordpress&quot;,&quot;order_by&quot;:&quot;top_media&quot;,&quot;layout&quot;:&quot;gallery&quot;,&quot;limit&quot;:12,&quot;columns&quot;:3,&quot;spacing&quot;:10,&quot;lazy&quot;:false,&quot;responsive&quot;:{&quot;desktop&quot;:{&quot;columns&quot;:3,&quot;spacing&quot;:10},&quot;tablet&quot;:{&quot;columns&quot;:2,&quot;spacing&quot;:8},&quot;mobile&quot;:{&quot;columns&quot;:1,&quot;spacing&quot;:6},&quot;breakpoints&quot;:{&quot;tablet&quot;:768,&quot;mobile&quot;:480}},&quot;aspect_ratio&quot;:{&quot;width&quot;:1,&quot;height&quot;:1},&quot;highlight&quot;:{&quot;tag&quot;:&quot;&quot;,&quot;id&quot;:&quot;&quot;,&quot;position&quot;:&quot;1,3,5&quot;},&quot;reel&quot;:{&quot;hide&quot;:false},&quot;copyright&quot;:{&quot;hide&quot;:false,&quot;placeholder&quot;:&quot;&quot;},&quot;profile&quot;:{&quot;display&quot;:false,&quot;username&quot;:&quot;&quot;,&quot;nickname&quot;:&quot;&quot;,&quot;website&quot;:&quot;&quot;,&quot;biography&quot;:&quot;&quot;,&quot;link_text&quot;:&quot;Follow&quot;,&quot;website_text&quot;:&quot;Website&quot;,&quot;avatar&quot;:&quot;&quot;},&quot;box&quot;:{&quot;display&quot;:false,&quot;padding&quot;:1,&quot;radius&quot;:0,&quot;background&quot;:&quot;#fefefe&quot;,&quot;profile&quot;:false,&quot;desc&quot;:&quot;&quot;,&quot;text_color&quot;:&quot;#000000&quot;},&quot;mask&quot;:{&quot;display&quot;:true,&quot;background&quot;:&quot;#000000&quot;,&quot;icon_color&quot;:&quot;#ffffff&quot;,&quot;likes_count&quot;:true,&quot;comments_count&quot;:true},&quot;card&quot;:{&quot;display&quot;:false,&quot;radius&quot;:1,&quot;font_size&quot;:12,&quot;background&quot;:&quot;#ffffff&quot;,&quot;background_hover&quot;:&quot;&quot;,&quot;text_color&quot;:&quot;#000000&quot;,&quot;padding&quot;:5,&quot;likes_count&quot;:true,&quot;text_length&quot;:10,&quot;comments_count&quot;:true,&quot;text_align&quot;:&quot;left&quot;},&quot;carousel&quot;:{&quot;centered_slides&quot;:false,&quot;autoplay&quot;:false,&quot;autoplay_interval&quot;:3000,&quot;navarrows&quot;:true,&quot;navarrows_color&quot;:&quot;&quot;,&quot;pagination&quot;:true,&quot;pagination_color&quot;:&quot;&quot;},&quot;modal&quot;:{&quot;display&quot;:true,&quot;profile&quot;:true,&quot;media_description&quot;:true,&quot;likes_count&quot;:true,&quot;comments_count&quot;:true,&quot;comments_list&quot;:false,&quot;text_align&quot;:&quot;left&quot;,&quot;modal_align&quot;:&quot;right&quot;,&quot;text_length&quot;:10000,&quot;font_size&quot;:12},&quot;button&quot;:{&quot;display&quot;:true,&quot;text&quot;:&quot;View on Instagram&quot;,&quot;text_color&quot;:&quot;#ffff&quot;,&quot;background&quot;:&quot;&quot;,&quot;background_hover&quot;:&quot;&quot;},&quot;button_load&quot;:{&quot;display&quot;:false,&quot;text&quot;:&quot;Load more...&quot;,&quot;text_color&quot;:&quot;#ffff&quot;,&quot;background&quot;:&quot;&quot;,&quot;background_hover&quot;:&quot;&quot;}}\">\n\t\t<!-- <FeedContainer\/> -->\n\t\t<\/div>\n\t\t<\/div>\n<\/div>\n\n\n\n<figure class=\"wp-block-embed is-type-rich is-provider-spotify wp-block-embed-spotify wp-embed-aspect-21-9 wp-has-aspect-ratio\"><div class=\"wp-block-embed__wrapper\">\n<iframe title=\"Spotify Embed: Jyv\u00e4skyl\u00e4n Naislaulajat\" style=\"border-radius: 12px\" width=\"100%\" height=\"352\" frameborder=\"0\" allowfullscreen allow=\"autoplay; clipboard-write; encrypted-media; fullscreen; picture-in-picture\" loading=\"lazy\" src=\"https:\/\/open.spotify.com\/embed\/artist\/2ynjYKRrPayYuVU33CohCI?utm_source=oembed\"><\/iframe>\n<\/div><\/figure>\n\n\n\n<p><\/p>\n<\/div>\n<\/div>\n<\/div>\n<\/div>\n\n\n\n<div class=\"wp-block-jetpack-tiled-gallery alignwide is-style-columns\"><div class=\"\"><div class=\"tiled-gallery__gallery\"><div class=\"tiled-gallery__row\"><div class=\"tiled-gallery__col\" style=\"flex-basis:54.66686%\"><figure class=\"tiled-gallery__item\"><img decoding=\"async\" srcset=\"https:\/\/i0.wp.com\/naislaulajat.net\/wp-content\/uploads\/2025\/03\/Sulasol_valkpohja.png?strip=info&#038;w=600&#038;ssl=1 600w,https:\/\/i0.wp.com\/naislaulajat.net\/wp-content\/uploads\/2025\/03\/Sulasol_valkpohja.png?strip=info&#038;w=645&#038;ssl=1 645w\" alt=\"\" data-height=\"228\" data-id=\"1512\" data-link=\"https:\/\/naislaulajat.net\/en\/jyvaskylan-naislaulajat\/sulasol_valkpohja\/\" data-url=\"https:\/\/naislaulajat.net\/wp-content\/uploads\/2025\/03\/Sulasol_valkpohja.png\" data-width=\"645\" src=\"https:\/\/i0.wp.com\/naislaulajat.net\/wp-content\/uploads\/2025\/03\/Sulasol_valkpohja.png?ssl=1\" data-amp-layout=\"responsive\"\/><\/figure><\/div><div class=\"tiled-gallery__col\" style=\"flex-basis:19.44490%\"><figure class=\"tiled-gallery__item\"><img decoding=\"async\" srcset=\"https:\/\/i0.wp.com\/naislaulajat.net\/wp-content\/uploads\/2022\/05\/Leima_LP-sininen.jpg?strip=info&#038;w=600&#038;ssl=1 600w,https:\/\/i0.wp.com\/naislaulajat.net\/wp-content\/uploads\/2022\/05\/Leima_LP-sininen.jpg?strip=info&#038;w=721&#038;ssl=1 721w\" alt=\"\" data-height=\"720\" data-id=\"864\" data-link=\"https:\/\/naislaulajat.net\/en\/etusivu\/leima_lp-sininen\/\" data-url=\"https:\/\/naislaulajat.net\/wp-content\/uploads\/2022\/05\/Leima_LP-sininen.jpg\" data-width=\"721\" src=\"https:\/\/i0.wp.com\/naislaulajat.net\/wp-content\/uploads\/2022\/05\/Leima_LP-sininen.jpg?ssl=1\" data-amp-layout=\"responsive\"\/><\/figure><\/div><div class=\"tiled-gallery__col\" style=\"flex-basis:25.88824%\"><figure class=\"tiled-gallery__item\"><img decoding=\"async\" srcset=\"https:\/\/i0.wp.com\/naislaulajat.net\/wp-content\/uploads\/2025\/03\/Suomen_naiskuoroliitto_valkpohja.png?strip=info&#038;w=561&#038;ssl=1 561w\" alt=\"\" data-height=\"420\" data-id=\"1513\" data-link=\"https:\/\/naislaulajat.net\/jyvaskylan-naislaulajat\/suomen_naiskuoroliitto_valkpohja\/\" data-url=\"https:\/\/naislaulajat.net\/wp-content\/uploads\/2025\/03\/Suomen_naiskuoroliitto_valkpohja.png\" data-width=\"561\" src=\"https:\/\/i0.wp.com\/naislaulajat.net\/wp-content\/uploads\/2025\/03\/Suomen_naiskuoroliitto_valkpohja.png?ssl=1\" data-amp-layout=\"responsive\"\/><\/figure><\/div><\/div><\/div><\/div><\/div>\n\n\n\n<div class=\"wp-block-group\"><div class=\"wp-block-group__inner-container is-layout-constrained wp-block-group-is-layout-constrained\"><div class=\"wp-block-image\">\n<figure class=\"aligncenter size-full is-resized\"><img loading=\"lazy\" decoding=\"async\" width=\"402\" height=\"129\" src=\"https:\/\/naislaulajat.net\/wp-content\/uploads\/2025\/03\/Kansalaisopisto_valkpohja-1.png\" alt=\"\" class=\"wp-image-1522\" style=\"width:358px;height:auto\" srcset=\"https:\/\/naislaulajat.net\/wp-content\/uploads\/2025\/03\/Kansalaisopisto_valkpohja-1.png 402w, https:\/\/naislaulajat.net\/wp-content\/uploads\/2025\/03\/Kansalaisopisto_valkpohja-1-300x96.png 300w\" sizes=\"auto, (max-width: 402px) 100vw, 402px\" \/><\/figure>\n<\/div>\n\n<div class=\"wp-block-image\">\n<figure class=\"aligncenter size-large is-resized\"><img loading=\"lazy\" decoding=\"async\" width=\"658\" height=\"136\" src=\"https:\/\/naislaulajat.net\/wp-content\/uploads\/2025\/03\/Sivis_valkpohja-1.jpg\" alt=\"\" class=\"wp-image-1521\" style=\"width:406px;height:auto\" srcset=\"https:\/\/naislaulajat.net\/wp-content\/uploads\/2025\/03\/Sivis_valkpohja-1.jpg 658w, https:\/\/naislaulajat.net\/wp-content\/uploads\/2025\/03\/Sivis_valkpohja-1-300x62.jpg 300w\" sizes=\"auto, (max-width: 658px) 100vw, 658px\" \/><\/figure>\n<\/div><\/div><\/div>\n","protected":false},"excerpt":{"rendered":"<p>Jyv\u00e4skyl\u00e4n naislaulajat (JNL) Conducted by Dipl. Choral Conductor Rita Varonen Jyv\u00e4skyl\u00e4n Naislaulajat offers high-quality women\u2019s choir music for audiences and [&hellip;]<\/p>\n","protected":false},"author":1,"featured_media":0,"parent":0,"menu_order":0,"comment_status":"closed","ping_status":"closed","template":"templates\/full-width.php","meta":{"_monsterinsights_skip_tracking":false,"_monsterinsights_sitenote_active":false,"_monsterinsights_sitenote_note":"","_monsterinsights_sitenote_category":0,"footnotes":""},"class_list":["post-1353","page","type-page","status-publish","hentry"],"translation":{"provider":"WPGlobus","version":"3.0.2","language":"gb","enabled_languages":["fi","gb"],"languages":{"fi":{"title":true,"content":true,"excerpt":false},"gb":{"title":true,"content":true,"excerpt":false}}},"aioseo_notices":[],"jetpack_sharing_enabled":true,"amp_enabled":false,"_links":{"self":[{"href":"https:\/\/naislaulajat.net\/gb\/wp-json\/wp\/v2\/pages\/1353","targetHints":{"allow":["GET"]}}],"collection":[{"href":"https:\/\/naislaulajat.net\/gb\/wp-json\/wp\/v2\/pages"}],"about":[{"href":"https:\/\/naislaulajat.net\/gb\/wp-json\/wp\/v2\/types\/page"}],"author":[{"embeddable":true,"href":"https:\/\/naislaulajat.net\/gb\/wp-json\/wp\/v2\/users\/1"}],"replies":[{"embeddable":true,"href":"https:\/\/naislaulajat.net\/gb\/wp-json\/wp\/v2\/comments?post=1353"}],"version-history":[{"count":77,"href":"https:\/\/naislaulajat.net\/gb\/wp-json\/wp\/v2\/pages\/1353\/revisions"}],"predecessor-version":[{"id":2104,"href":"https:\/\/naislaulajat.net\/gb\/wp-json\/wp\/v2\/pages\/1353\/revisions\/2104"}],"wp:attachment":[{"href":"https:\/\/naislaulajat.net\/gb\/wp-json\/wp\/v2\/media?parent=1353"}],"curies":[{"name":"wp","href":"https:\/\/api.w.org\/{rel}","templated":true}]}}